{"id":352,"date":"2019-02-18T13:33:23","date_gmt":"2019-02-18T13:33:23","guid":{"rendered":"http:\/\/child3.ki.se\/wordpress\/?page_id=352"},"modified":"2026-02-25T14:34:19","modified_gmt":"2026-02-25T13:34:19","slug":"front-page","status":"publish","type":"page","link":"https:\/\/sbcr.se\/","title":{"rendered":"Hem"},"content":{"rendered":"<button id=\"listenButton1\" class=\"responsivevoice-button\" type=\"button\" value=\"Play\" title=\"ResponsiveVoice Tap to Start\/Stop Speech\"><span>&#128266; Lyssna<\/span><\/button>\n        <script>\n            listenButton1.onclick = function(){\n                if(responsiveVoice.isPlaying()){\n                    responsiveVoice.cancel();\n                }else{\n                    responsiveVoice.speak(\"Svenska Barncancerregistret - SBCR Svenska Barncancerregistret, SBCR \u00e4r ett nationellt kvalitetsregister hos Sveriges Kommuner och Regioner, SKR. Det \u00e4r ett verktyg f\u00f6r att dokumentera och kvalitetss\u00e4kra v\u00e5rden f\u00f6r barn och ungdomar med blod- och tum\u00f6rsjukdomar och utg\u00f6r en grund f\u00f6r kliniskt f\u00f6rb\u00e4ttringsarbete. SBCR anv\u00e4nds \u00e4ven f\u00f6r statistik och forskning f\u00f6r att \u00f6ka kunskapen om barncancer samt kroniska blodsjukdomar och f\u00f6r att f\u00f6rb\u00e4ttra behandlingen av sjukdomarna. Barncancerfonden finansierar verksamheten. Databasen f\u00f6r SBCR \u00e4r INCA vid Regionala Cancercentrum, RCC. Om SBCR hos RCC .I Sverige f\u00e5r ca 350 barn och ungdomar under 18 \u00e5r per \u00e5r n\u00e5gon form av barncancer. Drygt 80 % av barn och unga vuxna lever fem \u00e5r efter diagnos. Registret best\u00e5r av totalt \u00e5tta olika moduler varav fem diagnosmoduler f\u00f6r leukemier, CNS-tum\u00f6rer, solida tum\u00f6rer, lymfom och hematologi samt tre uppf\u00f6ljningsmoduler f\u00f6r l\u00e5ngtidsuppf\u00f6ljning, str\u00e5lning och rehabilitering. Idag finns totalt \u00f6ver 13 000 patienter registrerade i diagnosmodulerna och \u00f6ver 7000 patienter registrerade i uppf\u00f6ljningsmodulerna. Om SBCR Statistik \u00c5rsrapport Patient och N\u00e4rst\u00e5ende V\u00e5rdgivare Forskare Om SBCR hos RCC SBCR publik statistik Moduler i SBCR Svenska Barncancerregistret best\u00e5r av \u00e5tta olika moduler varav fem diagnosmoduler och tre uppf\u00f6ljningsmoduler. LeukemierALL, AML, KML CNS-tum\u00f6rer VCTB Solida tum\u00f6rer VSTB Lymfom HODGKIN och NON-HODGKIN Hematologi VPH L\u00e5ngtidsuppf\u00f6ljning SALUB Str\u00e5lning RADTOX Rehabilitering SAREB Antal fall per diagnos\u00e5r i SBCR 2010-2025. Data \u00e4r h\u00e4mtat ur SBCR 2025-07-15. Antal nya fall per diagnos\u00e5r per diagnos modul. Data \u00e4r h\u00e4mtat ur SBCR 2025-03-03. Behandlingsresultat (diagnos\u00e5lderless than15 \u00e5r) illustrerat som observerad 5-\u00e5rs\u00f6verlevnad \u00f6ver tid (Data fr\u00e5n Cancerregistret f\u00f6r tidigare perioder och Svenska Barncancerregistret fr\u00e5n 1982). Fl\u00f6desschema f\u00f6r forskare\", \"Swedish Female\");\n                }\n            };\n        <\/script>\n    \n\n\n\n\t\t\t<!-- Flexy Breadcrumb -->\r\n\t\t\t<div class=\"fbc fbc-page\">\r\n\r\n\t\t\t\t<!-- Breadcrumb wrapper -->\r\n\t\t\t\t<div class=\"fbc-wrap\">\r\n\r\n\t\t\t\t\t<!-- Ordered list-->\r\n\t\t\t\t\t<ol class=\"fbc-items\" itemscope itemtype=\"https:\/\/schema.org\/BreadcrumbList\">\r\n\t\t\t\t\t\t            <li itemprop=\"itemListElement\" itemscope itemtype=\"https:\/\/schema.org\/ListItem\">\r\n                <span itemprop=\"name\">\r\n                    <!-- Home Link -->\r\n                    <a itemprop=\"item\" href=\"https:\/\/sbcr.se\/\">\r\n                    \r\n                                                    <i class=\"fa fa-home\" aria-hidden=\"true\"><\/i>Hem                    <\/a>\r\n                <\/span>\r\n                <meta itemprop=\"position\" content=\"1\" \/><!-- Meta Position-->\r\n             <\/li><li><span class=\"fbc-separator\">\/<\/span><\/li><li class=\"active\" itemprop=\"itemListElement\" itemscope itemtype=\"https:\/\/schema.org\/ListItem\"><span itemprop=\"name\" title=\"Hem\">Hem<\/span><meta itemprop=\"position\" content=\"2\" \/><\/li>\t\t\t\t\t<\/ol>\r\n\t\t\t\t\t<div class=\"clearfix\"><\/div>\r\n\t\t\t\t<\/div>\r\n\t\t\t<\/div>\r\n\t\t\t\n\n\n\n<h1 class=\"wp-block-heading\">Svenska Barncancerregistret &#8211; SBCR<\/h1>\n\n\n\n<p><span style=\"font-size: 20px; \">Svenska Barncancerregistret, SBCR \u00e4r ett nationellt kvalitetsregister hos <a style=\"color: #2d68c4;\" href=\"https:\/\/www.kvalitetsregister.se\/\" data-type=\"URL\" data-id=\"https:\/\/www.kvalitetsregister.se\/\" target=\"_blank\" rel=\"noreferrer noopener\">Sveriges Kommuner och Regioner, SKR&nbsp;&nbsp;<img decoding=\"async\" src=\"https:\/\/sbcr.se\/wp-content\/uploads\/2023\/03\/link16x16.png\"><\/a>. Det \u00e4r ett verktyg f\u00f6r att dokumentera och kvalitetss\u00e4kra v\u00e5rden f\u00f6r barn och ungdomar med blod- och tum\u00f6rsjukdomar och utg\u00f6r en grund f\u00f6r kliniskt f\u00f6rb\u00e4ttringsarbete. SBCR anv\u00e4nds \u00e4ven f\u00f6r statistik och forskning f\u00f6r att \u00f6ka kunskapen om barncancer samt kroniska blodsjukdomar och f\u00f6r att f\u00f6rb\u00e4ttra behandlingen av sjukdomarna. <a style=\"color: #2d68c4;\" href=\"https:\/\/www.barncancerfonden.se\/\" data-type=\"URL\" data-id=\"https:\/\/www.barncancerfonden.se\/\" target=\"_blank\" rel=\"noreferrer noopener\">Barncancerfonden&nbsp;&nbsp;<img decoding=\"async\" src=\"https:\/\/sbcr.se\/wp-content\/uploads\/2023\/03\/link16x16.png\"><\/a> finansierar verksamheten.<\/span> <span style=\"font-size: 20px; \">Databasen f\u00f6r SBCR \u00e4r INCA vid Regionala Cancercentrum, RCC. <a style=\"color: #2d68c4;\" href=\"https:\/\/cancercentrum.se\/diagnosbehandling\/cancerdiagnoser\/barncancer\/kvalitetsregister.7366.html\" data-type=\"URL\" data-id=\"https:\/\/www.barncancerfonden.se\/\" target=\"_blank\" rel=\"noreferrer noopener\">Om SBCR hos RCC&nbsp;&nbsp;<img decoding=\"async\" src=\"https:\/\/sbcr.se\/wp-content\/uploads\/2023\/03\/link16x16.png\"><\/a> <\/span><strong>.<\/strong><br><br>I Sverige f\u00e5r ca 350 barn och ungdomar under 18 \u00e5r per \u00e5r n\u00e5gon form av barncancer. Drygt 80 % av barn och unga vuxna lever fem \u00e5r efter diagnos. Registret best\u00e5r av totalt \u00e5tta olika moduler varav fem diagnosmoduler f\u00f6r leukemier, CNS-tum\u00f6rer, solida tum\u00f6rer, lymfom och hematologi samt tre uppf\u00f6ljningsmoduler f\u00f6r l\u00e5ngtidsuppf\u00f6ljning, str\u00e5lning och rehabilitering. Idag finns totalt \u00f6ver 13 000 patienter registrerade i diagnosmodulerna och \u00f6ver 7000 patienter registrerade i uppf\u00f6ljningsmodulerna.<\/p>\n\n\n\n<div class=\"wp-block-columns is-layout-flex wp-container-core-columns-is-layout-9d6595d7 wp-block-columns-is-layout-flex\">\n<div class=\"wp-block-column is-layout-flow wp-block-column-is-layout-flow\" style=\"flex-basis:100%\">\n<div class=\"wp-block-buttons is-content-justification-center is-layout-flex wp-container-core-buttons-is-layout-16018d1d wp-block-buttons-is-layout-flex\">\n<div class=\"wp-block-button is-style-outline is-style-outline--1\"><a class=\"wp-block-button__link wp-element-button\" href=\"https:\/\/sbcr.se\/index.php\/om-svenska-barncancerregistret\/\"><strong><mark style=\"background-color:rgba(0, 0, 0, 0)\" class=\"has-inline-color has-vivid-cyan-blue-color\">Om SBCR<\/mark><\/strong><\/a><\/div>\n\n\n\n<div class=\"wp-block-button is-style-outline is-style-outline--2\"><a class=\"wp-block-button__link wp-element-button\" href=\"https:\/\/sbcr.se\/index.php\/statistik\/\"><strong><mark style=\"background-color:rgba(0, 0, 0, 0)\" class=\"has-inline-color has-vivid-cyan-blue-color\">Statistik<\/mark><\/strong><\/a><\/div>\n\n\n\n<div class=\"wp-block-button is-style-outline is-style-outline--3\"><a class=\"wp-block-button__link wp-element-button\" href=\"https:\/\/sbcr.se\/index.php\/rapporter\/rapporter\/\"><strong><mark style=\"background-color:rgba(0, 0, 0, 0)\" class=\"has-inline-color has-vivid-cyan-blue-color\">\u00c5rsrapport<\/mark><\/strong><\/a><\/div>\n\n\n\n<div class=\"wp-block-button is-style-outline is-style-outline--4\"><a class=\"wp-block-button__link wp-element-button\" href=\"https:\/\/sbcr.se\/index.php\/for-dig-som-ingar-i-registret\/\"><mark style=\"background-color:rgba(0, 0, 0, 0)\" class=\"has-inline-color has-vivid-cyan-blue-color\"><strong>Patient och N\u00e4rst\u00e5ende<\/strong><\/mark><\/a><\/div>\n\n\n\n<div class=\"wp-block-button is-style-outline is-style-outline--5\"><a class=\"wp-block-button__link wp-element-button\" href=\"https:\/\/sbcr.se\/index.php\/vardgivare\/\"><mark style=\"background-color:rgba(0, 0, 0, 0)\" class=\"has-inline-color has-vivid-cyan-blue-color\"><strong>V\u00e5rdgivare<\/strong><\/mark><\/a><\/div>\n\n\n\n<div class=\"wp-block-button is-style-outline is-style-outline--6\"><a class=\"wp-block-button__link wp-element-button\" href=\"https:\/\/sbcr.se\/index.php\/for-vardpersonal-forskare\/\"><mark style=\"background-color:rgba(0, 0, 0, 0)\" class=\"has-inline-color has-vivid-cyan-blue-color\"><strong>Forskare<\/strong><\/mark><\/a><\/div>\n<\/div>\n<\/div>\n<\/div>\n\n\n\n<div class=\"wp-block-buttons is-content-justification-center is-layout-flex wp-container-core-buttons-is-layout-16018d1d wp-block-buttons-is-layout-flex\">\n<div class=\"wp-block-button is-style-fill\"><a class=\"wp-block-button__link has-vivid-cyan-blue-to-vivid-purple-gradient-background has-background wp-element-button\" href=\"https:\/\/cancercentrum.se\/diagnosbehandling\/cancerdiagnoser\/barncancer\/kvalitetsregister.7366.html\" target=\"_blank\" rel=\"noreferrer noopener\"><strong>Om SBCR hos RCC<\/strong><\/a><\/div>\n\n\n\n<div class=\"wp-block-button is-style-fill\"><a class=\"wp-block-button__link has-vivid-cyan-blue-to-vivid-purple-gradient-background has-background wp-element-button\" href=\"https:\/\/statistik.incanet.se\/sbcr\/\" target=\"_blank\" rel=\"noreferrer noopener\">SBCR publik statistik<\/a><\/div>\n<\/div>\n\n\n\n<p><br> <\/p>\n\n\n\n<h2 class=\"wp-block-heading\">Moduler i SBCR<\/h2>\n\n\n\n<p>Svenska Barncancerregistret best\u00e5r av \u00e5tta olika moduler varav fem diagnosmoduler och tre uppf\u00f6ljningsmoduler.<\/p>\n\n\n\n<div class=\"wp-block-buttons is-content-justification-center is-layout-flex wp-container-core-buttons-is-layout-16018d1d wp-block-buttons-is-layout-flex\">\n<div class=\"wp-block-button is-style-outline is-style-outline--7\"><a class=\"wp-block-button__link has-small-font-size has-custom-font-size wp-element-button\" href=\"https:\/\/sbcr.se\/index.php\/vardgivare\/vph\/\">Leukemier<br>ALL, AML, KML<\/a><\/div>\n\n\n\n<div class=\"wp-block-button is-style-outline is-style-outline--8\"><a class=\"wp-block-button__link has-small-font-size has-custom-font-size wp-element-button\" href=\"https:\/\/sbcr.se\/index.php\/vardgivare\/vph\/\">CNS-tum\u00f6rer <br>VCTB<\/a><\/div>\n\n\n\n<div class=\"wp-block-button is-style-outline is-style-outline--9\"><a class=\"wp-block-button__link has-small-font-size has-custom-font-size wp-element-button\" href=\"https:\/\/sbcr.se\/index.php\/vardgivare\/vph\/\">Solida tum\u00f6rer <br>VSTB<\/a><\/div>\n\n\n\n<div class=\"wp-block-button is-style-outline is-style-outline--10\"><a class=\"wp-block-button__link has-small-font-size has-custom-font-size wp-element-button\" href=\"https:\/\/sbcr.se\/index.php\/vardgivare\/vph\/\">Lymfom HODGKIN <br>och NON-HODGKIN<\/a><\/div>\n<\/div>\n\n\n\n<div class=\"wp-block-buttons is-content-justification-center is-layout-flex wp-container-core-buttons-is-layout-16018d1d wp-block-buttons-is-layout-flex\">\n<div class=\"wp-block-button is-style-outline is-style-outline--11\"><a class=\"wp-block-button__link wp-element-button\">Hematologi <br>VPH<\/a><\/div>\n\n\n\n<div class=\"wp-block-button is-style-outline is-style-outline--12\"><a class=\"wp-block-button__link wp-element-button\">L\u00e5ngtidsuppf\u00f6ljning <br>SALUB<\/a><\/div>\n\n\n\n<div class=\"wp-block-button is-style-outline is-style-outline--13\"><a class=\"wp-block-button__link wp-element-button\">Str\u00e5lning <br>RADTOX<\/a><\/div>\n\n\n\n<div class=\"wp-block-button is-style-outline is-style-outline--14\"><a class=\"wp-block-button__link wp-element-button\">Rehabilitering <br>SAREB<\/a><\/div>\n<\/div>\n\n\n\n<p><br><br><\/p>\n\n\n\n<figure class=\"wp-block-image size-large is-style-default\"><a href=\"https:\/\/sbcr.se\/wp-content\/uploads\/2025\/08\/3-Antal-fall-per-diagnosar-i-SBCR-2010-2025-till-hemsidan-1.png\"><img loading=\"lazy\" decoding=\"async\" width=\"1024\" height=\"252\" src=\"https:\/\/sbcr.se\/wp-content\/uploads\/2025\/08\/3-Antal-fall-per-diagnosar-i-SBCR-2010-2025-till-hemsidan-1-1024x252.png\" alt=\"\" class=\"wp-image-4424\" srcset=\"https:\/\/sbcr.se\/wp-content\/uploads\/2025\/08\/3-Antal-fall-per-diagnosar-i-SBCR-2010-2025-till-hemsidan-1-1024x252.png 1024w, https:\/\/sbcr.se\/wp-content\/uploads\/2025\/08\/3-Antal-fall-per-diagnosar-i-SBCR-2010-2025-till-hemsidan-1-300x74.png 300w, https:\/\/sbcr.se\/wp-content\/uploads\/2025\/08\/3-Antal-fall-per-diagnosar-i-SBCR-2010-2025-till-hemsidan-1-150x37.png 150w, https:\/\/sbcr.se\/wp-content\/uploads\/2025\/08\/3-Antal-fall-per-diagnosar-i-SBCR-2010-2025-till-hemsidan-1-768x189.png 768w, https:\/\/sbcr.se\/wp-content\/uploads\/2025\/08\/3-Antal-fall-per-diagnosar-i-SBCR-2010-2025-till-hemsidan-1-1536x379.png 1536w, https:\/\/sbcr.se\/wp-content\/uploads\/2025\/08\/3-Antal-fall-per-diagnosar-i-SBCR-2010-2025-till-hemsidan-1.png 1623w\" sizes=\"auto, (max-width: 706px) 89vw, (max-width: 767px) 82vw, 740px\" \/><\/a><figcaption class=\"wp-element-caption\">  Antal fall per diagnos\u00e5r i SBCR 2010-2025. Data \u00e4r h\u00e4mtat ur SBCR 2025-07-15.<\/figcaption><\/figure>\n\n\n\n<p><\/p>\n\n\n\n<p><br><\/p>\n\n\n\n<figure class=\"wp-block-image size-full\"><img loading=\"lazy\" decoding=\"async\" width=\"933\" height=\"529\" src=\"https:\/\/sbcr.se\/wp-content\/uploads\/2025\/07\/SBCR-Antal-fall-per-diagnosar-per-diagnosmodul.png\" alt=\"\" class=\"wp-image-4283\" srcset=\"https:\/\/sbcr.se\/wp-content\/uploads\/2025\/07\/SBCR-Antal-fall-per-diagnosar-per-diagnosmodul.png 933w, https:\/\/sbcr.se\/wp-content\/uploads\/2025\/07\/SBCR-Antal-fall-per-diagnosar-per-diagnosmodul-300x170.png 300w, https:\/\/sbcr.se\/wp-content\/uploads\/2025\/07\/SBCR-Antal-fall-per-diagnosar-per-diagnosmodul-150x85.png 150w, https:\/\/sbcr.se\/wp-content\/uploads\/2025\/07\/SBCR-Antal-fall-per-diagnosar-per-diagnosmodul-768x435.png 768w\" sizes=\"auto, (max-width: 706px) 89vw, (max-width: 767px) 82vw, 740px\" \/><figcaption class=\"wp-element-caption\">Antal nya fall per diagnos\u00e5r per diagnos modul. Data \u00e4r h\u00e4mtat ur SBCR 2025-03-03.<\/figcaption><\/figure>\n\n\n\n<p><br> <\/p>\n\n\n\n<figure class=\"wp-block-image size-full\"><img loading=\"lazy\" decoding=\"async\" width=\"610\" height=\"683\" src=\"https:\/\/sbcr.se\/wp-content\/uploads\/2026\/01\/Observerad_5arsoverlevnad_per_diagnosperiod.png\" alt=\"\" class=\"wp-image-4990\" srcset=\"https:\/\/sbcr.se\/wp-content\/uploads\/2026\/01\/Observerad_5arsoverlevnad_per_diagnosperiod.png 610w, https:\/\/sbcr.se\/wp-content\/uploads\/2026\/01\/Observerad_5arsoverlevnad_per_diagnosperiod-268x300.png 268w, https:\/\/sbcr.se\/wp-content\/uploads\/2026\/01\/Observerad_5arsoverlevnad_per_diagnosperiod-134x150.png 134w\" sizes=\"auto, (max-width: 610px) 100vw, 610px\" \/><figcaption class=\"wp-element-caption\">Behandlingsresultat (diagnos\u00e5lder&lt;15 \u00e5r) illustrerat som observerad 5-\u00e5rs\u00f6verlevnad \u00f6ver tid (Data fr\u00e5n <br>Cancerregistret f\u00f6r tidigare perioder och Svenska Barncancerregistret fr\u00e5n 1982).<\/figcaption><\/figure>\n\n\n\n<figure class=\"wp-block-image size-large\"><img loading=\"lazy\" decoding=\"async\" width=\"1024\" height=\"576\" src=\"https:\/\/sbcr.se\/wp-content\/uploads\/2023\/03\/Forskansokan-oversikt-1024x576.jpg\" alt=\"\" class=\"wp-image-2564\" srcset=\"https:\/\/sbcr.se\/wp-content\/uploads\/2023\/03\/Forskansokan-oversikt-1024x576.jpg 1024w, https:\/\/sbcr.se\/wp-content\/uploads\/2023\/03\/Forskansokan-oversikt-300x169.jpg 300w, https:\/\/sbcr.se\/wp-content\/uploads\/2023\/03\/Forskansokan-oversikt-768x432.jpg 768w, https:\/\/sbcr.se\/wp-content\/uploads\/2023\/03\/Forskansokan-oversikt.jpg 1280w\" sizes=\"auto, (max-width: 706px) 89vw, (max-width: 767px) 82vw, 740px\" \/><figcaption class=\"wp-element-caption\">Fl\u00f6desschema f\u00f6r forskare<\/figcaption><\/figure>\n\n\n\n<p><\/p>\n","protected":false},"excerpt":{"rendered":"<p>Svenska Barncancerregistret &#8211; SBCR Svenska Barncancerregistret, SBCR \u00e4r ett nationellt kvalitetsregister hos Sveriges Kommuner och Regioner, SKR&nbsp;&nbsp;. Det \u00e4r ett verktyg f\u00f6r att dokumentera och kvalitetss\u00e4kra v\u00e5rden f\u00f6r barn och ungdomar med blod- och tum\u00f6rsjukdomar och utg\u00f6r en grund f\u00f6r kliniskt f\u00f6rb\u00e4ttringsarbete. SBCR anv\u00e4nds \u00e4ven f\u00f6r statistik och forskning f\u00f6r att \u00f6ka kunskapen om barncancer &hellip; <\/p>\n<p class=\"link-more\"><a href=\"https:\/\/sbcr.se\/\" class=\"more-link\">Forts\u00e4tt l\u00e4sa<span class=\"screen-reader-text\"> \u201dHem\u201d<\/span><\/a><\/p>\n","protected":false},"author":1,"featured_media":0,"parent":0,"menu_order":0,"comment_status":"closed","ping_status":"closed","template":"","meta":{"iawp_total_views":5959,"footnotes":""},"class_list":["post-352","page","type-page","status-publish","hentry"],"_links":{"self":[{"href":"https:\/\/sbcr.se\/index.php\/wp-json\/wp\/v2\/pages\/352","targetHints":{"allow":["GET"]}}],"collection":[{"href":"https:\/\/sbcr.se\/index.php\/wp-json\/wp\/v2\/pages"}],"about":[{"href":"https:\/\/sbcr.se\/index.php\/wp-json\/wp\/v2\/types\/page"}],"author":[{"embeddable":true,"href":"https:\/\/sbcr.se\/index.php\/wp-json\/wp\/v2\/users\/1"}],"replies":[{"embeddable":true,"href":"https:\/\/sbcr.se\/index.php\/wp-json\/wp\/v2\/comments?post=352"}],"version-history":[{"count":307,"href":"https:\/\/sbcr.se\/index.php\/wp-json\/wp\/v2\/pages\/352\/revisions"}],"predecessor-version":[{"id":5102,"href":"https:\/\/sbcr.se\/index.php\/wp-json\/wp\/v2\/pages\/352\/revisions\/5102"}],"wp:attachment":[{"href":"https:\/\/sbcr.se\/index.php\/wp-json\/wp\/v2\/media?parent=352"}],"curies":[{"name":"wp","href":"https:\/\/api.w.org\/{rel}","templated":true}]}}